{"id":207635,"date":"2025-09-02T16:03:18","date_gmt":"2025-09-02T14:03:18","guid":{"rendered":"https:\/\/invilla.pl\/oferty-nieruchomosci\/apartment-for-rent-mechelinki-82-00-m2-in667618\/"},"modified":"2026-04-03T19:43:17","modified_gmt":"2026-04-03T17:43:17","slug":"apartment-for-rent-mechelinki-82-00-m2-in667618","status":"publish","type":"property","link":"https:\/\/invilla.pl\/en\/property-offers\/apartment-for-rent-mechelinki-82-00-m2-in667618\/","title":{"rendered":"Apartment for rent, Mechelinki, 82.00 m2, IN667618"},"content":{"rendered":"<p><strong>INVILLA to nowoczesne biuro nieruchomo\u015bci premium, kt\u00f3re od lat z&nbsp;powodzeniem \u0142\u0105czy ludzi z&nbsp;wyj\u0105tkowymi miejscami &#8211; z&nbsp;pasj\u0105, profesjonalizmem i&nbsp;pe\u0142nym zaanga\u017cowaniem.<\/strong><\/p>\n<p>Na wynajem <strong>pi\u0119kny dwupoziomowy apartament<\/strong> o&nbsp;powierzchni<strong> 82 m2<\/strong> po\u0142o\u017cony w&nbsp;miejscowo\u015bci <strong>Mechelinki blisko Gdyni.<\/strong> <\/p>\n<p>Mechelinki to <strong>spokojna, urokliwa kaszubska miejscowo\u015b\u0107<\/strong> po\u0142o\u017cona 15 min. jazdy samochodem od centrum Gdyni. G\u0142\u00f3wnymi jej atutami s\u0105 molo spacerowe oraz przysta\u0144 rybacka, gdzie zawsze mo\u017cna naby\u0107 \u015bwie\u017c\u0105 ryb\u0119 wprost od rybaka. Jest to r\u00f3wnie\u017c idealne miejsce dla fan\u00f3w sport\u00f3w wodnych.<\/p>\n<p>Apartament znajduj\u0119 si\u0119 na nowoczesnym osiedlu<strong> Anchoria<\/strong> i&nbsp;zosta\u0142 starannie wyko\u0144czony w&nbsp;wysokim standardzie w&nbsp;ciep\u0142ej, jasnej kolorystyce stylu boho. Ca\u0142o\u015b\u0107\u0301 \u0142\u0105czy atrakcyjnie wizualn\u0105<strong> przestrze\u0144 z&nbsp;funkcjonalno\u015bci\u0105\u0328 i&nbsp;interesuj\u0105cym designem<\/strong>. Wszystkie elementy mieszkania funkcjonuj\u0105\u0328 ze sob\u0105 w&nbsp;harmonii i&nbsp;sp\u00f3jnej estetyce.<\/p>\n<p>Apartament ma powierzchni\u0119<strong> 82 m2<\/strong> i&nbsp;w&nbsp;jego sk\u0142ad wchodz\u0105:<\/p>\n<p>I pi\u0119tro:<br \/>&#8211; jasna kuchnia otwarta na salon,<br \/>&#8211; przestronny salon,<br \/>&#8211; przytulna \u0142azienka z&nbsp;prysznicem,<br \/>&#8211; funkcjonalny schowek.<\/p>\n<p>II pi\u0119tro:<br \/>&#8211; przestronna sypialnia,<br \/>&#8211; jasna sypialnia z&nbsp;miejscem do pracy,<br \/>&#8211; du\u017ca \u0142azienka z&nbsp;prysznicem,<br \/>&#8211; wyj\u015bcie na s\u0142oneczny taras z&nbsp;bajecznym widokiem na morze.<\/p>\n<p>Najwi\u0119kszym atutem nieruchomo\u015bci jest <strong>prywatny taras na dachu<\/strong> o&nbsp;powierzchni 60 m2 z&nbsp;<strong>pi\u0119knym widokiem na zatok\u0119<\/strong>. <\/p>\n<p>Do apartamentu przynale\u017cy <strong>miejsce wolnostoj\u0105ce zewn\u0119trzne oraz jedno gara\u017cowe.<\/strong><\/p>\n<p>Lokalizacja:<br \/>&#8211; 5&nbsp;min. spacerem do klifu w&nbsp;Mechelinkach, <br \/>&#8211; 18 min. rowerem na Cypel Rewski, <br \/>&#8211; 17 min. rowerem na pla\u017c\u0119 w&nbsp;Gdyni Babie Do\u0142y,<br \/>&#8211; do Aquaparku w&nbsp;Redzie mamy zaledwie 13 km,<br \/>&#8211; do Sopotu &#8211; jedynie 24 km.<\/p>\n<p>W pobli\u017cu sklepy, restauracje, szko\u0142a podstawowa, szk\u00f3\u0142ka \u017ceglarska oraz molo w&nbsp;Mechelinkach.<strong> Spacerowa odleg\u0142o\u015b\u0107 do morza!<\/strong><\/p>\n<p>Kilkana\u015bcie minut jazdy samochodem dzieli Mechelinki od Rezerwatu Beka, czy pi\u0119knych las\u00f3w Tr\u00f3jmiejskiego Parku Krajobrazowego.<\/p>\n<p>Prawdziwa gratka dla ka\u017cdego, kto <strong>marzy o&nbsp;mieszkaniu przy pla\u017cy, w&nbsp;zacisznym<\/strong> miejscu, a&nbsp;jednocze\u015bnie blisko tr\u00f3jmiejskiej aglomeracji.<\/p>\n<p>Cena najmu to 6&nbsp;000 z\u0142 plus op\u0142aty ok. 1200 z\u0142 +&nbsp;pr\u0105d wg zu\u017cycia. <br \/>Wymagana kaucja zwrotna w&nbsp;kwocie jednomiesi\u0119cznego czynszu.<\/p>\n<p>Zapraszam serdecznie na prezentacje!<\/p>\n<p><em>Niniejsze og\u0142oszenie nie stanowi oferty handlowej w&nbsp;rozumieniu art. 66 \u00a71 Kodeksu cywilnego i&nbsp;ma charakter wy\u0142\u0105cznie informacyjny. Wszelkie dane dotycz\u0105ce nieruchomo\u015bci uzyskano na podstawie o\u015bwiadcze\u0144 w\u0142a\u015bciciela. Prezentacja nieruchomo\u015bci odbywa si\u0119 na podstawie uprzedniego uzgodnienia terminu.<\/em><\/p>\n","protected":false},"author":2,"featured_media":207608,"parent":0,"menu_order":0,"template":"","property_status":[27],"property_market":[19],"property_type":[36],"property_transaction":[21],"location":[123,41,42],"class_list":["post-207635","property","type-property","status-publish","has-post-thumbnail","hentry"],"acf":[],"_links":{"self":[{"href":"https:\/\/invilla.pl\/en\/wp-json\/wp\/v2\/property\/207635","targetHints":{"allow":["GET"]}}],"collection":[{"href":"https:\/\/invilla.pl\/en\/wp-json\/wp\/v2\/property"}],"about":[{"href":"https:\/\/invilla.pl\/en\/wp-json\/wp\/v2\/types\/property"}],"author":[{"embeddable":true,"href":"https:\/\/invilla.pl\/en\/wp-json\/wp\/v2\/users\/2"}],"wp:featuredmedia":[{"embeddable":true,"href":"https:\/\/invilla.pl\/en\/wp-json\/wp\/v2\/media\/207608"}],"wp:attachment":[{"href":"https:\/\/invilla.pl\/en\/wp-json\/wp\/v2\/media?parent=207635"}],"wp:term":[{"taxonomy":"property_status","embeddable":true,"href":"https:\/\/invilla.pl\/en\/wp-json\/wp\/v2\/property_status?post=207635"},{"taxonomy":"property_market","embeddable":true,"href":"https:\/\/invilla.pl\/en\/wp-json\/wp\/v2\/property_market?post=207635"},{"taxonomy":"property_type","embeddable":true,"href":"https:\/\/invilla.pl\/en\/wp-json\/wp\/v2\/property_type?post=207635"},{"taxonomy":"property_transaction","embeddable":true,"href":"https:\/\/invilla.pl\/en\/wp-json\/wp\/v2\/property_transaction?post=207635"},{"taxonomy":"location","embeddable":true,"href":"https:\/\/invilla.pl\/en\/wp-json\/wp\/v2\/location?post=207635"}],"curies":[{"name":"wp","href":"https:\/\/api.w.org\/{rel}","templated":true}]}}