{"id":208121,"date":"2025-09-07T07:23:16","date_gmt":"2025-09-07T05:23:16","guid":{"rendered":"https:\/\/invilla.pl\/oferty-nieruchomosci\/apartment-for-rent-gdansk-chelm-32-40-m2-in791604\/"},"modified":"2026-04-01T22:23:21","modified_gmt":"2026-04-01T20:23:21","slug":"apartment-for-rent-gdansk-chelm-32-40-m2-in791604","status":"publish","type":"property","link":"https:\/\/invilla.pl\/en\/property-offers\/apartment-for-rent-gdansk-chelm-32-40-m2-in791604\/","title":{"rendered":"Apartment for rent, Gda\u0144sk Che\u0142m, 32.40 m2, IN791604"},"content":{"rendered":"<p><strong>INVILLA to nowoczesne biuro nieruchomo\u015bci premium, kt\u00f3re od lat z&nbsp;powodzeniem \u0142\u0105czy ludzi z&nbsp;wyj\u0105tkowymi miejscami &#8211; z&nbsp;pasj\u0105, profesjonalizmem i&nbsp;pe\u0142nym zaanga\u017cowaniem.<\/strong><\/p>\n<p><strong>Pachn\u0105ce nowo\u015bci\u0105 2&nbsp;pokoje dla singla lub pary.<\/strong><\/p>\n<p>Na wynajem <strong>nowoczesne mieszkanie na kameralnym osiedlu<\/strong> w&nbsp;Gda\u0144sku <strong>na pograniczu Che\u0142mu i&nbsp;Oruni G\u00f3rnej<\/strong> w&nbsp;budynku z&nbsp;2023 roku <strong>z wind\u0105<\/strong>, po\u0142o\u017cone <strong>na ostatnim &#8211; czwartym pi\u0119trze<\/strong>.<\/p>\n<p>Lokal o&nbsp;powierzchni 32,40 m2 sk\u0142ada si\u0119 z:<\/p>\n<ul>\n<li><strong>salonu<\/strong> z&nbsp;wygodn\u0105 rozk\u0142adan\u0105 kanap\u0105,<\/li>\n<li><strong>aneksu kuchennego<\/strong> wyposa\u017conego w&nbsp;meble na wymiar <strong>z du\u017c\u0105 ilo\u015bci\u0105 miejsca do przechowywania<\/strong> oraz pe\u0142ny zestaw sprz\u0119t\u00f3w AGD (lod\u00f3wka, zmywarka, piekarnik z&nbsp;funkcj\u0105 mikrofal\u00f3wki, p\u0142yta indukcyjna),<\/li>\n<li><strong>sypialni<\/strong> z&nbsp;podw\u00f3jnym \u0142\u00f3\u017ckiem, pojemn\u0105 szaf\u0105 i&nbsp;biurkiem &#8211; idealnie do pracy zdalnej,<\/li>\n<li><strong>\u0142azienki<\/strong> z&nbsp;komfortow\u0105 kabin\u0105 prysznicow\u0105, WC oraz pralk\u0105 z&nbsp;funkcj\u0105 suszarki.<\/li>\n<\/ul>\n<p>Z salonu prowadzi wyj\u015bcie na <strong>przestronny balkon<\/strong>, z&nbsp;kt\u00f3rego rozpo\u015bciera si\u0119 <strong>pi\u0119kny widok na okolic\u0119<\/strong>. Poranna kawa b\u0119dzie tu smakowa\u0107 wyj\u0105tkowo&#8230;<\/p>\n<p>Mieszkanie zosta\u0142o wyko\u0144czone <strong>w nowoczesnym stylu<\/strong>, z&nbsp;dba\u0142o\u015bci\u0105 o&nbsp;detale. <strong>Jasne wn\u0119trza, funkcjonalny uk\u0142ad i&nbsp;wysokiej jako\u015bci wyposa\u017cenie<\/strong> zapewniaj\u0105 komfort codziennego u\u017cytkowania.<\/p>\n<p><strong>Lokalizacja i&nbsp;udogodnienia:<\/strong><br \/>Osiedle jest bardzo dobrze skomunikowane &#8211; w&nbsp;pobli\u017cu znajduj\u0105 si\u0119 <strong>przystanki komunikacji miejskiej<\/strong>, co zapewnia szybki dojazd do centrum. W&nbsp;zasi\u0119gu spaceru dost\u0119pne s\u0105 <strong>sklepy spo\u017cywcze <\/strong>(\u017babka, Biedronka, Lidl)<strong>,\u00a0 przychodnia, restauracje oraz klub fitness.<\/strong> Tu\u017c obok budynku znajduje si\u0119 plac zabaw oraz <strong>wiata rowerowa<\/strong>. Dla mieszka\u0144c\u00f3w przeznaczony jest <strong>du\u017cy parking<\/strong>, dzi\u0119ki czemu nie ma problem\u00f3w z&nbsp;parkowaniem.<\/p>\n<p>W niedalekiej odleg\u0142o\u015bci mie\u015bci si\u0119 <strong>Jar Wilanowski<\/strong> ze zbiornikiem retencyjnym &#8211; <strong>\u015bwietne\u00a0miejsce do spacer\u00f3w, joggingu oraz aktywnego wypoczynku<\/strong>, wyposa\u017cone r\u00f3wnie\u017c w&nbsp;si\u0142owni\u0119 na \u015bwie\u017cym powietrzu.<\/p>\n<p>Mieszkanie b\u0119dzie idealne <strong>dla pary lub jednej osoby<\/strong>, kt\u00f3ra ceni sobie wygod\u0119, estetyk\u0119 oraz spokojn\u0105 lokalizacj\u0119 w&nbsp;nowym budynku z&nbsp;dost\u0119pem do teren\u00f3w rekreacyjnych.<\/p>\n<p>Warunki najmu:<\/p>\n<ul>\n<li>najem okazjonalny,<\/li>\n<li>dla os\u00f3b pracuj\u0105cych lub spokojnych student\u00f3w,<\/li>\n<li>czynsz najmu &#8211; 2800 z\u0142 miesi\u0119cznie,<\/li>\n<li>op\u0142aty eksploatacyjne do wsp\u00f3lnoty, w&nbsp;tym zaliczki na ogrzewanie i&nbsp;wod\u0119 &#8211; ok. 440 z\u0142 miesi\u0119cznie,<\/li>\n<li>pr\u0105d wed\u0142ug zu\u017cycia,<\/li>\n<li>kaucja zwrotna &#8211; 4000 z\u0142,<\/li>\n<li>termin wynajmu &#8211; preferowany 1&nbsp;rok lub d\u0142u\u017cej,<\/li>\n<li>posiadanie ma\u0142ego zwierz\u0119cia &#8211; do uzgodnienia.\u00a0<\/li>\n<\/ul>\n<p>Mieszkanie <strong>dost\u0119pne od zaraz, w&nbsp;pe\u0142ni wyposa\u017cone<\/strong> czeka na Najemc\u0119.<\/p>\n<p>Serdecznie zapraszam na prezentacj\u0119.<\/p>\n<p><em>Niniejsze og\u0142oszenie nie stanowi oferty handlowej w&nbsp;rozumieniu art. 66 \u00a71 Kodeksu cywilnego i&nbsp;ma charakter wy\u0142\u0105cznie informacyjny. Wszelkie dane dotycz\u0105ce nieruchomo\u015bci uzyskano na podstawie o\u015bwiadcze\u0144 w\u0142a\u015bciciela. Prezentacja nieruchomo\u015bci odbywa si\u0119 na podstawie uprzedniego uzgodnienia terminu.<\/em><\/p>\n","protected":false},"author":2,"featured_media":208092,"parent":0,"menu_order":0,"template":"","property_status":[40],"property_market":[19],"property_type":[36],"property_transaction":[21],"location":[47,41,42],"class_list":["post-208121","property","type-property","status-publish","has-post-thumbnail","hentry"],"acf":[],"_links":{"self":[{"href":"https:\/\/invilla.pl\/en\/wp-json\/wp\/v2\/property\/208121","targetHints":{"allow":["GET"]}}],"collection":[{"href":"https:\/\/invilla.pl\/en\/wp-json\/wp\/v2\/property"}],"about":[{"href":"https:\/\/invilla.pl\/en\/wp-json\/wp\/v2\/types\/property"}],"author":[{"embeddable":true,"href":"https:\/\/invilla.pl\/en\/wp-json\/wp\/v2\/users\/2"}],"wp:featuredmedia":[{"embeddable":true,"href":"https:\/\/invilla.pl\/en\/wp-json\/wp\/v2\/media\/208092"}],"wp:attachment":[{"href":"https:\/\/invilla.pl\/en\/wp-json\/wp\/v2\/media?parent=208121"}],"wp:term":[{"taxonomy":"property_status","embeddable":true,"href":"https:\/\/invilla.pl\/en\/wp-json\/wp\/v2\/property_status?post=208121"},{"taxonomy":"property_market","embeddable":true,"href":"https:\/\/invilla.pl\/en\/wp-json\/wp\/v2\/property_market?post=208121"},{"taxonomy":"property_type","embeddable":true,"href":"https:\/\/invilla.pl\/en\/wp-json\/wp\/v2\/property_type?post=208121"},{"taxonomy":"property_transaction","embeddable":true,"href":"https:\/\/invilla.pl\/en\/wp-json\/wp\/v2\/property_transaction?post=208121"},{"taxonomy":"location","embeddable":true,"href":"https:\/\/invilla.pl\/en\/wp-json\/wp\/v2\/location?post=208121"}],"curies":[{"name":"wp","href":"https:\/\/api.w.org\/{rel}","templated":true}]}}