{"id":218036,"date":"2025-11-20T15:43:40","date_gmt":"2025-11-20T14:43:40","guid":{"rendered":"https:\/\/invilla.pl\/oferty-nieruchomosci\/house-for-rent-mechelinki-83-59-m2-in447797\/"},"modified":"2026-03-07T15:42:58","modified_gmt":"2026-03-07T14:42:58","slug":"house-for-rent-mechelinki-83-59-m2-in447797","status":"publish","type":"property","link":"https:\/\/invilla.pl\/en\/property-offers\/house-for-rent-mechelinki-83-59-m2-in447797\/","title":{"rendered":"House for rent, Mechelinki, 83.59 m2, IN447797"},"content":{"rendered":"<p><strong>INVILLA to nowoczesne biuro nieruchomo\u015bci premium, kt\u00f3re od lat z&nbsp;powodzeniem \u0142\u0105czy ludzi z&nbsp;wyj\u0105tkowymi miejscami &#8211; z&nbsp;pasj\u0105, profesjonalizmem i&nbsp;pe\u0142nym zaanga\u017cowaniem.<\/strong><\/p>\n<p>Na wynajem dom o&nbsp;powierzchni niespe\u0142na <strong>85 m2 z&nbsp;ok. 300 m2 ogrodem<\/strong> na ekskluzywnym osiedlu Anchoria <strong>w Mechelinkach.<\/strong><\/p>\n<p>Mechelinki to spokojna, urokliwa kaszubska miejscowo\u015b\u0107 po\u0142o\u017cona 15 min. jazdy samochodem od centrum Gdyni. G\u0142\u00f3wnymi jej atutami s\u0105 molo spacerowe oraz przysta\u0144 rybacka, gdzie zawsze mo\u017cna naby\u0107 \u015bwie\u017c\u0105 ryb\u0119 wprost od rybaka. Jest to r\u00f3wnie\u017c idealne miejsce dla fan\u00f3w sport\u00f3w wodnych &#8211; wymarzone miejsce do \u017cycia i&nbsp;wypoczynku. <strong>Spacerowa odleg\u0142o\u015b\u0107 od morza \/&nbsp;pla\u017cy &#8211; jedynie 5&nbsp;minut!<\/strong><\/p>\n<p>Dom sk\u0142ada si\u0119 z&nbsp;dw\u00f3ch kondygnacji o&nbsp;powierzchni ca\u0142kowitej 83,59 m2 i&nbsp;300 m2 przydomowego ogrodu oraz jednego miejsca postojowego naziemnego.<\/p>\n<p><strong>PARTER:<\/strong><br \/>&#8211; przestronny salon z&nbsp;jadalni\u0105 i&nbsp;aneksem kuchennym oraz wyj\u015bciem na s\u0142oneczny ogr\u00f3d,<br \/>&#8211; osobna toaleta,<br \/>&#8211; jasna \u0142azienka z&nbsp;wann\u0105 z&nbsp;funkcj\u0105 prysznica, <br \/>&#8211; praktyczne pomieszczenie gospodarcze,<br \/>&#8211; zamykany pok\u00f3j \/&nbsp;gabinet,<br \/>&#8211; wiatro\u0142ap.<\/p>\n<p><strong>I PI\u0118TRO:<\/strong><br \/>&#8211; przestronna sypialnia z&nbsp;miejscem do przechowywania,<br \/>&#8211; jasna sypialnia \/&nbsp;pok\u00f3j.<\/p>\n<p>Dom zosta\u0142 starannie <strong>wyko\u0144czony w&nbsp;bardzo dobrym standardzie<\/strong> w&nbsp;ciep\u0142ej, jasnej kolorystyce. Ca\u0142o\u015b\u0107\u0301 \u0142\u0105czy atrakcyjnie wizualn\u0105 przestrze\u0144 z&nbsp;funkcjonalno\u015bci\u0105\u0328 i&nbsp;interesuj\u0105cym designem. Wszystkie elementy mieszkania funkcjonuj\u0105\u0328 ze sob\u0105 w&nbsp;harmonii i&nbsp;sp\u00f3jnej estetyce. Wysoki standard wyko\u0144czenia z&nbsp;pe\u0142nym, wysokiej jako\u015bci wyposa\u017ceniem w&nbsp;najpotrzebniejsze sprz\u0119ty AGD I&nbsp;RTV. <\/p>\n<p>Lokalizacja:<br \/>&#8211; 5&nbsp;min. spacerem do klifu w&nbsp;Mechelinkach, <br \/>&#8211; 18 min. rowerem na Cypel Rewski, <br \/>&#8211; 17 min. rowerem na pla\u017c\u0119 w&nbsp;Gdyni Babie Do\u0142y,<br \/>&#8211; do Aquaparku w&nbsp;Redzie mamy zaledwie 13 km,<br \/>&#8211; do Sopotu &#8211; jedynie 24 km.<\/p>\n<p>W pobli\u017cu sklepy, restauracje, szko\u0142a podstawowa, szk\u00f3\u0142ka \u017ceglarska oraz molo w&nbsp;Mechelinkach. <\/p>\n<p>Kilkana\u015bcie minut jazdy samochodem dzieli Mechelinki od Rezerwatu Beka, czy pi\u0119knych las\u00f3w Tr\u00f3jmiejskiego Parku Krajobrazowego.<\/p>\n<p>Prawdziwa gratka dla ka\u017cdego, kto marzy o&nbsp;<strong>mieszkaniu przy pla\u017cy, w&nbsp;zacisznym miejscu,<\/strong> a&nbsp;jednocze\u015bnie blisko tr\u00f3jmiejskiej aglomeracji.<\/p>\n<p>Cena najmu to 5&nbsp;700 z\u0142 plus op\u0142aty ok. 1&nbsp;250 z\u0142 +&nbsp;pr\u0105d. <br \/>Wymagana kaucja zwrotna w&nbsp;kwocie jednomiesi\u0119cznego czynszu najmu. <br \/>Preferowany najem d\u0142ugoterminowy, okazjonalny i&nbsp;bez zwierz\u0105t.<\/p>\n<p>Zapraszam serdecznie na prezentacj\u0119!<\/p>\n<p><em>Niniejsze og\u0142oszenie nie stanowi oferty handlowej w&nbsp;rozumieniu art. 66 \u00a71 Kodeksu cywilnego i&nbsp;ma charakter wy\u0142\u0105cznie informacyjny. Wszelkie dane dotycz\u0105ce nieruchomo\u015bci uzyskano na podstawie o\u015bwiadcze\u0144 w\u0142a\u015bciciela. Prezentacja nieruchomo\u015bci odbywa si\u0119 na podstawie uprzedniego uzgodnienia terminu.<\/em><\/p>\n","protected":false},"author":2,"featured_media":227344,"parent":0,"menu_order":0,"template":"","property_status":[40],"property_market":[19],"property_type":[35],"property_transaction":[21],"location":[123,41,42],"class_list":["post-218036","property","type-property","status-publish","has-post-thumbnail","hentry"],"acf":[],"_links":{"self":[{"href":"https:\/\/invilla.pl\/en\/wp-json\/wp\/v2\/property\/218036","targetHints":{"allow":["GET"]}}],"collection":[{"href":"https:\/\/invilla.pl\/en\/wp-json\/wp\/v2\/property"}],"about":[{"href":"https:\/\/invilla.pl\/en\/wp-json\/wp\/v2\/types\/property"}],"author":[{"embeddable":true,"href":"https:\/\/invilla.pl\/en\/wp-json\/wp\/v2\/users\/2"}],"wp:featuredmedia":[{"embeddable":true,"href":"https:\/\/invilla.pl\/en\/wp-json\/wp\/v2\/media\/227344"}],"wp:attachment":[{"href":"https:\/\/invilla.pl\/en\/wp-json\/wp\/v2\/media?parent=218036"}],"wp:term":[{"taxonomy":"property_status","embeddable":true,"href":"https:\/\/invilla.pl\/en\/wp-json\/wp\/v2\/property_status?post=218036"},{"taxonomy":"property_market","embeddable":true,"href":"https:\/\/invilla.pl\/en\/wp-json\/wp\/v2\/property_market?post=218036"},{"taxonomy":"property_type","embeddable":true,"href":"https:\/\/invilla.pl\/en\/wp-json\/wp\/v2\/property_type?post=218036"},{"taxonomy":"property_transaction","embeddable":true,"href":"https:\/\/invilla.pl\/en\/wp-json\/wp\/v2\/property_transaction?post=218036"},{"taxonomy":"location","embeddable":true,"href":"https:\/\/invilla.pl\/en\/wp-json\/wp\/v2\/location?post=218036"}],"curies":[{"name":"wp","href":"https:\/\/api.w.org\/{rel}","templated":true}]}}