{"id":249212,"date":"2026-08-27T22:24:03","date_gmt":"2026-08-27T20:24:03","guid":{"rendered":"https:\/\/invilla.pl\/oferty-nieruchomosci\/plot-for-sale-zielona-gora-902-00-m2-in405935\/"},"modified":"2026-08-27T22:24:03","modified_gmt":"2026-08-27T20:24:03","slug":"plot-for-sale-zielona-gora-902-00-m2-in405935","status":"publish","type":"property","link":"https:\/\/invilla.pl\/en\/property-offers\/plot-for-sale-zielona-gora-902-00-m2-in405935\/","title":{"rendered":"Plot for sale, Zielona G\u00f3ra, 902.00 m2, IN405935"},"content":{"rendered":"<p><strong>\u00a0<\/strong><\/p>\n<p><strong>S\u0142oneczna dzia\u0142ka nr 33\/15 o&nbsp;powierzchni 902 m2 pod zabudow\u0119 jednorodzinn\u0105 z&nbsp;wydanymi warunkami zabudowy, niedaleko lasu, po\u0142o\u017cona w&nbsp;Zielonej G\u00f3rze bezpo\u015brednio przy ulicy Sztekli\u0144skiej w&nbsp;gminie Lubichowo. Jedna z&nbsp;kompleksu 6&nbsp;dzia\u0142ek na sprzeda\u017c o&nbsp;powierzchniach od 902 do 1204 m2.<\/strong><\/p>\n<p><strong>LOKALIZACJA<\/strong><br \/>Zielona G\u00f3ra, to wie\u015b po\u0142o\u017cona w&nbsp;powiecie starogardzkim na przedmie\u015bciach Lubichowa odleg\u0142ego o&nbsp;ok. 1,5 km. Odleg\u0142o\u015b\u0107 do autostrady A1- w\u0119ze\u0142 Kopytkowo\u00a0 wynosi ok. 21 km.\u00a0 Miejscowo\u015b\u0107 po\u0142o\u017cona jest na skraju Bor\u00f3w Tucholskich na Kociewiu, w&nbsp;otoczeniu las\u00f3w i&nbsp;jezior. Okolica wybierana jako wygodne miejsce do \u017cycia z&nbsp;uwagi na uroki natury, cisz\u0119 i&nbsp;spok\u00f3j a&nbsp;jednocze\u015bnie blisko\u015b\u0107 pe\u0142nej infrastruktury miejskiej w&nbsp;pobliskim Lubichowie i&nbsp;Starogardzie Gda\u0144skim. W&nbsp;miejscowo\u015bci znajduje si\u0119 sklep spo\u017cywczy oraz przystanki autobusowe (PKS i&nbsp;lokalni przewo\u017anicy).<br \/>Gmina zapewnia dow\u00f3z dzieci do szko\u0142y.<br \/><strong>DZIA\u0141KA<\/strong><br \/>Zielona G\u00f3ra, obr\u0119b ewidencyjny 0012,\u00a0 numer dzia\u0142ki <strong>33\/15,<\/strong> powierzchnia <strong>902 m2<\/strong> o&nbsp;kszta\u0142cie kwadratu. Dzia\u0142ka niezagospodarowana o&nbsp;terenie p\u0142askim, dobrze nas\u0142oneczniona, po\u0142o\u017cona bezpo\u015brednio przy ulicy Sztekli\u0144skiej o\u015bwietlonej i&nbsp;wy\u0142o\u017conej p\u0142ytami betonowymi.\u00a0 Najbli\u017csze s\u0105siedztwo stanowi\u0105 domy jednorodzinne oraz pola i&nbsp;lasy.\u00a0<br \/>Media- woda, pr\u0105d i&nbsp;\u015bwiat\u0142ow\u00f3d w&nbsp;drodze.<br \/>Dla dzia\u0142ki zosta\u0142y <strong>wydane w&nbsp;roku 2026 warunki zabudowy <\/strong>zgodnie z&nbsp;kt\u00f3rymi<strong> dzia\u0142ka przeznaczona jest na budow\u0119 budynku mieszkalnego jednorodzinnego wraz z&nbsp;infrastruktur\u0105 techniczn\u0105.<\/strong> <br \/>Najwa\u017cniejsze parametry:<br \/>powierzchnia zabudowy 100- 150 m2<br \/>maksymalna intensywno\u015b\u0107 zabudowy- 0,45<br \/>intensywno\u015b\u0107 zabudowy naziemnej w&nbsp;przedziale 0,08- 0,25<br \/>minimalna powierzchnia biologicznie czynna- 50%<br \/>maksymalne dwie kondygnacje naziemne<br \/>wysoko\u015b\u0107 budynku- 7-8 m<br \/>geometra dachu- dwuspadowy o&nbsp;k\u0105cie nachylenia 30-45 stopni.<\/p>\n<p><strong>Pe\u0142na tre\u015b\u0107 Decyzji o&nbsp;warunkach zabudowy do wgl\u0105du os\u00f3b zainteresowanych.\u00a0<\/p>\n<p><\/strong>Zapraszam r\u00f3wnie\u017c do zainteresowania si\u0119 pozosta\u0142ymi dzia\u0142kami na sprzeda\u017c z&nbsp;wydanymi podobnymi warunkami zabudowy s\u0105siaduj\u0105cymi z&nbsp;dzia\u0142k\u0105 33\/15. Istnieje r\u00f3wnie\u017c mo\u017cliwo\u015b\u0107 zakupu dzia\u0142ki rolnej 33\/4 stanowi\u0105cej sad o&nbsp;powierzchni 4535m2 blisko dzia\u0142ki 33\/15.<\/p>\n<p><em>Niniejsze og\u0142oszenie nie stanowi oferty handlowej w&nbsp;rozumieniu art. 66 \u00a71 Kodeksu cywilnego i&nbsp;ma charakter wy\u0142\u0105cznie informacyjny. Wszelkie dane dotycz\u0105ce nieruchomo\u015bci uzyskano na podstawie o\u015bwiadcze\u0144 w\u0142a\u015bciciela. Prezentacja nieruchomo\u015bci odbywa si\u0119 na podstawie uprzedniego uzgodnienia terminu. Zapraszamy do kontaktu z&nbsp;opiekunem oferty lub biurem Invilla Nieruchomo\u015bci S.C. w&nbsp;celu zapoznania si\u0119 z&nbsp;warunkami wsp\u00f3\u0142pracy i&nbsp;informacjami dotycz\u0105cymi oferty.<\/em><\/p>\n","protected":false},"author":2,"featured_media":249193,"parent":0,"menu_order":0,"template":"","property_status":[27],"property_market":[19],"property_type":[33],"property_transaction":[25],"location":[41,42,450],"class_list":["post-249212","property","type-property","status-publish","has-post-thumbnail","hentry"],"acf":[],"_links":{"self":[{"href":"https:\/\/invilla.pl\/en\/wp-json\/wp\/v2\/property\/249212","targetHints":{"allow":["GET"]}}],"collection":[{"href":"https:\/\/invilla.pl\/en\/wp-json\/wp\/v2\/property"}],"about":[{"href":"https:\/\/invilla.pl\/en\/wp-json\/wp\/v2\/types\/property"}],"author":[{"embeddable":true,"href":"https:\/\/invilla.pl\/en\/wp-json\/wp\/v2\/users\/2"}],"wp:featuredmedia":[{"embeddable":true,"href":"https:\/\/invilla.pl\/en\/wp-json\/wp\/v2\/media\/249193"}],"wp:attachment":[{"href":"https:\/\/invilla.pl\/en\/wp-json\/wp\/v2\/media?parent=249212"}],"wp:term":[{"taxonomy":"property_status","embeddable":true,"href":"https:\/\/invilla.pl\/en\/wp-json\/wp\/v2\/property_status?post=249212"},{"taxonomy":"property_market","embeddable":true,"href":"https:\/\/invilla.pl\/en\/wp-json\/wp\/v2\/property_market?post=249212"},{"taxonomy":"property_type","embeddable":true,"href":"https:\/\/invilla.pl\/en\/wp-json\/wp\/v2\/property_type?post=249212"},{"taxonomy":"property_transaction","embeddable":true,"href":"https:\/\/invilla.pl\/en\/wp-json\/wp\/v2\/property_transaction?post=249212"},{"taxonomy":"location","embeddable":true,"href":"https:\/\/invilla.pl\/en\/wp-json\/wp\/v2\/location?post=249212"}],"curies":[{"name":"wp","href":"https:\/\/api.w.org\/{rel}","templated":true}]}}